{"id":6580,"date":"2020-08-11T14:10:40","date_gmt":"2020-08-11T14:10:40","guid":{"rendered":"https:\/\/lagar.vamtam.com\/?post_type=product&#038;p=6580"},"modified":"2026-03-06T13:23:45","modified_gmt":"2026-03-06T13:23:45","slug":"cuvee-millesime-2018","status":"publish","type":"product","link":"https:\/\/www.champagne-marc-hennequiere.com\/en\/boutique\/cuvee-millesime-2018\/","title":{"rendered":"Cuv\u00e9e Mill\u00e9sime 2018"},"content":{"rendered":"<div data-elementor-type=\"product-post\" data-elementor-id=\"6580\" class=\"elementor elementor-6580\" data-elementor-post-type=\"product\">\n\t\t\t\t\t\t<section class=\"elementor-section elementor-top-section elementor-element elementor-element-8d34a5f elementor-section-boxed elementor-section-height-default elementor-section-height-default\" data-id=\"8d34a5f\" data-element_type=\"section\" data-e-type=\"section\">\n\t\t\t\t\t\t<div class=\"elementor-container elementor-column-gap-default\">\n\t\t\t\t\t<div class=\"elementor-column elementor-col-100 elementor-top-column elementor-element elementor-element-1f343e1\" data-id=\"1f343e1\" data-element_type=\"column\" data-e-type=\"column\">\n\t\t\t<div class=\"elementor-widget-wrap elementor-element-populated\">\n\t\t\t\t\t\t<div class=\"elementor-element elementor-element-f98de6d elementor-widget elementor-widget-heading\" data-id=\"f98de6d\" data-element_type=\"widget\" data-e-type=\"widget\" data-widget_type=\"heading.default\">\n\t\t\t\t<div class=\"elementor-widget-container\">\n\t\t\t\t\t<h5 class=\"elementor-heading-title elementor-size-default\">Geographic location<\/h5>\t\t\t\t<\/div>\n\t\t\t\t<\/div>\n\t\t\t\t<div class=\"elementor-element elementor-element-6a3af31 elementor-widget elementor-widget-text-editor\" data-id=\"6a3af31\" data-element_type=\"widget\" data-e-type=\"widget\" data-widget_type=\"text-editor.default\">\n\t\t\t\t<div class=\"elementor-widget-container\">\n\t\t\t\t\t\t\t\t\t<p>C\u00f4te des Bar - Sarce Valley - Avirey-Lingey<\/p>\t\t\t\t\t\t\t\t<\/div>\n\t\t\t\t<\/div>\n\t\t\t\t<div class=\"elementor-element elementor-element-1b471f6 elementor-widget elementor-widget-heading\" data-id=\"1b471f6\" data-element_type=\"widget\" data-e-type=\"widget\" data-widget_type=\"heading.default\">\n\t\t\t\t<div class=\"elementor-widget-container\">\n\t\t\t\t\t<h5 class=\"elementor-heading-title elementor-size-default\">Soil type<\/h5>\t\t\t\t<\/div>\n\t\t\t\t<\/div>\n\t\t\t\t<div class=\"elementor-element elementor-element-ea6fd10 elementor-widget elementor-widget-text-editor\" data-id=\"ea6fd10\" data-element_type=\"widget\" data-e-type=\"widget\" data-widget_type=\"text-editor.default\">\n\t\t\t\t<div class=\"elementor-widget-container\">\n\t\t\t\t\t\t\t\t\t<p>Clay-limestone, kimmeridgian<\/p>\t\t\t\t\t\t\t\t<\/div>\n\t\t\t\t<\/div>\n\t\t\t\t<div class=\"elementor-element elementor-element-07f52d2 elementor-widget elementor-widget-heading\" data-id=\"07f52d2\" data-element_type=\"widget\" data-e-type=\"widget\" data-widget_type=\"heading.default\">\n\t\t\t\t<div class=\"elementor-widget-container\">\n\t\t\t\t\t<h5 class=\"elementor-heading-title elementor-size-default\">Culture mode<\/h5>\t\t\t\t<\/div>\n\t\t\t\t<\/div>\n\t\t\t\t<div class=\"elementor-element elementor-element-9154e82 elementor-widget elementor-widget-text-editor\" data-id=\"9154e82\" data-element_type=\"widget\" data-e-type=\"widget\" data-widget_type=\"text-editor.default\">\n\t\t\t\t<div class=\"elementor-widget-container\">\n\t\t\t\t\t\t\t\t\t<p>HEV, organic fertilization. Size in single guyot - cordon of Royat and Chablis. Manual harvesting and sorting<\/p>\t\t\t\t\t\t\t\t<\/div>\n\t\t\t\t<\/div>\n\t\t\t\t<div class=\"elementor-element elementor-element-70bda4a elementor-widget elementor-widget-heading\" data-id=\"70bda4a\" data-element_type=\"widget\" data-e-type=\"widget\" data-widget_type=\"heading.default\">\n\t\t\t\t<div class=\"elementor-widget-container\">\n\t\t\t\t\t<h5 class=\"elementor-heading-title elementor-size-default\">Grape variety<\/h5>\t\t\t\t<\/div>\n\t\t\t\t<\/div>\n\t\t\t\t<div class=\"elementor-element elementor-element-c2d3bdc elementor-widget elementor-widget-text-editor\" data-id=\"c2d3bdc\" data-element_type=\"widget\" data-e-type=\"widget\" data-widget_type=\"text-editor.default\">\n\t\t\t\t<div class=\"elementor-widget-container\">\n\t\t\t\t\t\t\t\t\t<p>50% chardonnay <br \/>45% pinot noir <br \/>5% pinot meunier<\/p>\t\t\t\t\t\t\t\t<\/div>\n\t\t\t\t<\/div>\n\t\t\t\t<div class=\"elementor-element elementor-element-0952c2d elementor-widget elementor-widget-heading\" data-id=\"0952c2d\" data-element_type=\"widget\" data-e-type=\"widget\" data-widget_type=\"heading.default\">\n\t\t\t\t<div class=\"elementor-widget-container\">\n\t\t\t\t\t<h5 class=\"elementor-heading-title elementor-size-default\">Winemaking<\/h5>\t\t\t\t<\/div>\n\t\t\t\t<\/div>\n\t\t\t\t<div class=\"elementor-element elementor-element-65d8ee1 elementor-widget elementor-widget-text-editor\" data-id=\"65d8ee1\" data-element_type=\"widget\" data-e-type=\"widget\" data-widget_type=\"text-editor.default\">\n\t\t\t\t<div class=\"elementor-widget-container\">\n\t\t\t\t\t\t\t\t\t<p>Malolactic fermentation. Ageing in stainless-steel tanks. Bottled on the estate. 84 months ageing in the cellar.<\/p>\t\t\t\t\t\t\t\t<\/div>\n\t\t\t\t<\/div>\n\t\t\t\t<div class=\"elementor-element elementor-element-2db324f elementor-widget elementor-widget-heading\" data-id=\"2db324f\" data-element_type=\"widget\" data-e-type=\"widget\" data-widget_type=\"heading.default\">\n\t\t\t\t<div class=\"elementor-widget-container\">\n\t\t\t\t\t<h5 class=\"elementor-heading-title elementor-size-default\">Dosage<\/h5>\t\t\t\t<\/div>\n\t\t\t\t<\/div>\n\t\t\t\t<div class=\"elementor-element elementor-element-30fdaeb elementor-widget elementor-widget-text-editor\" data-id=\"30fdaeb\" data-element_type=\"widget\" data-e-type=\"widget\" data-widget_type=\"text-editor.default\">\n\t\t\t\t<div class=\"elementor-widget-container\">\n\t\t\t\t\t\t\t\t\t<p>Extra-Brut \u2013 4 g\/L<\/p>\t\t\t\t\t\t\t\t<\/div>\n\t\t\t\t<\/div>\n\t\t\t\t<div class=\"elementor-element elementor-element-7d79ff9 elementor-widget elementor-widget-heading\" data-id=\"7d79ff9\" data-element_type=\"widget\" data-e-type=\"widget\" data-widget_type=\"heading.default\">\n\t\t\t\t<div class=\"elementor-widget-container\">\n\t\t\t\t\t<h5 class=\"elementor-heading-title elementor-size-default\">Serving tips<\/h5>\t\t\t\t<\/div>\n\t\t\t\t<\/div>\n\t\t\t\t<div class=\"elementor-element elementor-element-d35f60b elementor-widget elementor-widget-text-editor\" data-id=\"d35f60b\" data-element_type=\"widget\" data-e-type=\"widget\" data-widget_type=\"text-editor.default\">\n\t\t\t\t<div class=\"elementor-widget-container\">\n\t\t\t\t\t\t\t\t\t<p>To be tasted cold but not from the freezer, between 8\u00b0 and 10\u00b0 C.<br \/>To drink as an aperitif or with a truffled butter or foie gras.<\/p>\t\t\t\t\t\t\t\t<\/div>\n\t\t\t\t<\/div>\n\t\t\t\t<section class=\"elementor-section elementor-inner-section elementor-element elementor-element-11892b1 elementor-section-boxed elementor-section-height-default elementor-section-height-default\" data-id=\"11892b1\" data-element_type=\"section\" data-e-type=\"section\">\n\t\t\t\t\t\t<div class=\"elementor-container elementor-column-gap-default\">\n\t\t\t\t\t<div class=\"elementor-column elementor-col-100 elementor-inner-column elementor-element elementor-element-d112ac6\" data-id=\"d112ac6\" data-element_type=\"column\" data-e-type=\"column\">\n\t\t\t<div class=\"elementor-widget-wrap elementor-element-populated\">\n\t\t\t\t\t\t<div class=\"elementor-element elementor-element-2dca03d elementor-widget__width-initial elementor-widget-mobile__width-initial elementor-fixed elementor-hidden-tablet elementor-hidden-phone elementor-widget elementor-widget-image\" data-id=\"2dca03d\" data-element_type=\"widget\" data-e-type=\"widget\" data-settings=\"{&quot;_position&quot;:&quot;fixed&quot;}\" data-widget_type=\"image.default\">\n\t\t\t\t<div class=\"elementor-widget-container\">\n\t\t\t\t\t\t\t\t\t<div class=\"elementor-image\">\n\t\t\t\t\t\t\t\t\t\t\t\t\t\t\t\t\t\t\t\t\t<img fetchpriority=\"high\" decoding=\"async\" width=\"378\" height=\"421\" src=\"https:\/\/www.champagne-marc-hennequiere.com\/wp-content\/uploads\/2022\/03\/cafe.png\" class=\"attachment-large size-large wp-image-987908\" alt=\"\" srcset=\"https:\/\/www.champagne-marc-hennequiere.com\/wp-content\/uploads\/2022\/03\/cafe.png 378w, https:\/\/www.champagne-marc-hennequiere.com\/wp-content\/uploads\/2022\/03\/cafe-269x300.png 269w, https:\/\/www.champagne-marc-hennequiere.com\/wp-content\/uploads\/2022\/03\/cafe-315x351.png 315w\" sizes=\"(max-width: 378px) 100vw, 378px\" \/>\t\t\t\t\t\t\t\t\t\t\t\t\t\t\t\t\t\t\t\t\t\t\t\t<\/div>\n\t\t\t\t\t\t\t\t<\/div>\n\t\t\t\t<\/div>\n\t\t\t\t\t<\/div>\n\t\t<\/div>\n\t\t\t\t\t<\/div>\n\t\t<\/section>\n\t\t\t\t\t<\/div>\n\t\t<\/div>\n\t\t\t\t\t<\/div>\n\t\t<\/section>\n\t\t\t\t<\/div>","protected":false},"excerpt":{"rendered":"<p><strong>Elegant and powerful<\/strong> \u2013 The robe is yellow with gold reflections. Long trails of bubbles rise continuously to the surface. The nose is complex with notes of fresh almonds, oranges, candied angelica and fading flowers. At the aeration a few roasting notes magnify this wine. The attack on the palate is tender. The very fine bubbles caress the mouth. The elegance of the nose is found on the palate with a beautiful fluidity and a resumption of candied citrus.<\/p>","protected":false},"featured_media":1541579,"template":"","meta":{"iawp_total_views":223},"product_brand":[],"product_cat":[26],"product_tag":[],"class_list":{"0":"post-6580","1":"product","2":"type-product","3":"status-publish","4":"has-post-thumbnail","6":"product_cat-les-elabores","8":"first","9":"instock","10":"taxable","11":"shipping-taxable","12":"purchasable","13":"product-type-simple"},"yoast_head":"<!-- This site is optimized with the Yoast SEO plugin v27.2 - https:\/\/yoast.com\/product\/yoast-seo-wordpress\/ -->\n<title>Champagne Marc Hennequi\u00e8re - Cuv\u00e9e Mill\u00e9sime 2018<\/title>\n<meta name=\"description\" content=\"Champagne \u00e9l\u00e9gant et puissant, avec sa robe est jaune aux reflets or. Le nez est complexe et a\u00e9rien avec des notes d\u2019amande fra\u00eeche.\" \/>\n<meta name=\"robots\" content=\"index, follow, max-snippet:-1, max-image-preview:large, max-video-preview:-1\" \/>\n<link rel=\"canonical\" href=\"https:\/\/www.champagne-marc-hennequiere.com\/en\/boutique\/cuvee-millesime-2018\/\" \/>\n<meta property=\"og:locale\" content=\"en_US\" \/>\n<meta property=\"og:type\" content=\"article\" \/>\n<meta property=\"og:title\" content=\"Champagne Marc Hennequi\u00e8re - Cuv\u00e9e Mill\u00e9sime 2018\" \/>\n<meta property=\"og:description\" content=\"Champagne \u00e9l\u00e9gant et puissant, avec sa robe est jaune aux reflets or. Le nez est complexe et a\u00e9rien avec des notes d\u2019amande fra\u00eeche.\" \/>\n<meta property=\"og:url\" content=\"https:\/\/www.champagne-marc-hennequiere.com\/en\/boutique\/cuvee-millesime-2018\/\" \/>\n<meta property=\"og:site_name\" content=\"Champagne Marc Hennequi\u00e8re\" \/>\n<meta property=\"article:modified_time\" content=\"2026-03-06T13:23:45+00:00\" \/>\n<meta property=\"og:image\" content=\"https:\/\/www.champagne-marc-hennequiere.com\/wp-content\/uploads\/2026\/03\/cuvee-millesime-2018.png\" \/>\n\t<meta property=\"og:image:width\" content=\"384\" \/>\n\t<meta property=\"og:image:height\" content=\"849\" \/>\n\t<meta property=\"og:image:type\" content=\"image\/png\" \/>\n<meta name=\"twitter:card\" content=\"summary_large_image\" \/>\n<meta name=\"twitter:label1\" content=\"Est. reading time\" \/>\n\t<meta name=\"twitter:data1\" content=\"1 minute\" \/>\n<script type=\"application\/ld+json\" class=\"yoast-schema-graph\">{\"@context\":\"https:\/\/schema.org\",\"@graph\":[{\"@type\":\"WebPage\",\"@id\":\"https:\/\/www.champagne-marc-hennequiere.com\/boutique\/cuvee-millesime-2018\/\",\"url\":\"https:\/\/www.champagne-marc-hennequiere.com\/boutique\/cuvee-millesime-2018\/\",\"name\":\"Champagne Marc Hennequi\u00e8re - Cuv\u00e9e Mill\u00e9sime 2018\",\"isPartOf\":{\"@id\":\"https:\/\/www.champagne-marc-hennequiere.com\/#website\"},\"primaryImageOfPage\":{\"@id\":\"https:\/\/www.champagne-marc-hennequiere.com\/boutique\/cuvee-millesime-2018\/#primaryimage\"},\"image\":{\"@id\":\"https:\/\/www.champagne-marc-hennequiere.com\/boutique\/cuvee-millesime-2018\/#primaryimage\"},\"thumbnailUrl\":\"https:\/\/www.champagne-marc-hennequiere.com\/wp-content\/uploads\/2026\/03\/cuvee-millesime-2018.png\",\"datePublished\":\"2020-08-11T14:10:40+00:00\",\"dateModified\":\"2026-03-06T13:23:45+00:00\",\"description\":\"Champagne \u00e9l\u00e9gant et puissant, avec sa robe est jaune aux reflets or. Le nez est complexe et a\u00e9rien avec des notes d\u2019amande fra\u00eeche.\",\"breadcrumb\":{\"@id\":\"https:\/\/www.champagne-marc-hennequiere.com\/boutique\/cuvee-millesime-2018\/#breadcrumb\"},\"inLanguage\":\"en-US\",\"potentialAction\":[{\"@type\":\"ReadAction\",\"target\":[\"https:\/\/www.champagne-marc-hennequiere.com\/boutique\/cuvee-millesime-2018\/\"]}]},{\"@type\":\"ImageObject\",\"inLanguage\":\"en-US\",\"@id\":\"https:\/\/www.champagne-marc-hennequiere.com\/boutique\/cuvee-millesime-2018\/#primaryimage\",\"url\":\"https:\/\/www.champagne-marc-hennequiere.com\/wp-content\/uploads\/2026\/03\/cuvee-millesime-2018.png\",\"contentUrl\":\"https:\/\/www.champagne-marc-hennequiere.com\/wp-content\/uploads\/2026\/03\/cuvee-millesime-2018.png\",\"width\":384,\"height\":849,\"caption\":\"Cuv\u00e9e Mill\u00e9sime 2018\"},{\"@type\":\"BreadcrumbList\",\"@id\":\"https:\/\/www.champagne-marc-hennequiere.com\/boutique\/cuvee-millesime-2018\/#breadcrumb\",\"itemListElement\":[{\"@type\":\"ListItem\",\"position\":1,\"name\":\"Accueil\",\"item\":\"https:\/\/www.champagne-marc-hennequiere.com\/\"},{\"@type\":\"ListItem\",\"position\":2,\"name\":\"Boutique\",\"item\":\"https:\/\/www.champagne-marc-hennequiere.com\/boutique\/\"},{\"@type\":\"ListItem\",\"position\":3,\"name\":\"Cuv\u00e9e Mill\u00e9sime 2018\"}]},{\"@type\":\"WebSite\",\"@id\":\"https:\/\/www.champagne-marc-hennequiere.com\/#website\",\"url\":\"https:\/\/www.champagne-marc-hennequiere.com\/\",\"name\":\"Champagne Marc Hennequi\u00e8re\",\"description\":\"R\u00e9coltant Manipulant \u00e0 Avirey-Lingey\",\"publisher\":{\"@id\":\"https:\/\/www.champagne-marc-hennequiere.com\/#organization\"},\"potentialAction\":[{\"@type\":\"SearchAction\",\"target\":{\"@type\":\"EntryPoint\",\"urlTemplate\":\"https:\/\/www.champagne-marc-hennequiere.com\/?s={search_term_string}\"},\"query-input\":{\"@type\":\"PropertyValueSpecification\",\"valueRequired\":true,\"valueName\":\"search_term_string\"}}],\"inLanguage\":\"en-US\"},{\"@type\":\"Organization\",\"@id\":\"https:\/\/www.champagne-marc-hennequiere.com\/#organization\",\"name\":\"Champagne Marc Hennequi\u00e8re\",\"url\":\"https:\/\/www.champagne-marc-hennequiere.com\/\",\"logo\":{\"@type\":\"ImageObject\",\"inLanguage\":\"en-US\",\"@id\":\"https:\/\/www.champagne-marc-hennequiere.com\/#\/schema\/logo\/image\/\",\"url\":\"https:\/\/www.champagne-marc-hennequiere.com\/wp-content\/uploads\/2020\/03\/champagne-marc-hennequiere-logo-2.svg\",\"contentUrl\":\"https:\/\/www.champagne-marc-hennequiere.com\/wp-content\/uploads\/2020\/03\/champagne-marc-hennequiere-logo-2.svg\",\"width\":294,\"height\":127,\"caption\":\"Champagne Marc Hennequi\u00e8re\"},\"image\":{\"@id\":\"https:\/\/www.champagne-marc-hennequiere.com\/#\/schema\/logo\/image\/\"}}]}<\/script>\n<!-- \/ Yoast SEO plugin. -->","yoast_head_json":{"title":"Champagne Marc Hennequi\u00e8re - Cuv\u00e9e Mill\u00e9sime 2018","description":"Champagne \u00e9l\u00e9gant et puissant, avec sa robe est jaune aux reflets or. Le nez est complexe et a\u00e9rien avec des notes d\u2019amande fra\u00eeche.","robots":{"index":"index","follow":"follow","max-snippet":"max-snippet:-1","max-image-preview":"max-image-preview:large","max-video-preview":"max-video-preview:-1"},"canonical":"https:\/\/www.champagne-marc-hennequiere.com\/en\/boutique\/cuvee-millesime-2018\/","og_locale":"en_US","og_type":"article","og_title":"Champagne Marc Hennequi\u00e8re - Cuv\u00e9e Mill\u00e9sime 2018","og_description":"Champagne \u00e9l\u00e9gant et puissant, avec sa robe est jaune aux reflets or. Le nez est complexe et a\u00e9rien avec des notes d\u2019amande fra\u00eeche.","og_url":"https:\/\/www.champagne-marc-hennequiere.com\/en\/boutique\/cuvee-millesime-2018\/","og_site_name":"Champagne Marc Hennequi\u00e8re","article_modified_time":"2026-03-06T13:23:45+00:00","og_image":[{"width":384,"height":849,"url":"https:\/\/www.champagne-marc-hennequiere.com\/wp-content\/uploads\/2026\/03\/cuvee-millesime-2018.png","type":"image\/png"}],"twitter_card":"summary_large_image","twitter_misc":{"Est. reading time":"1 minute"},"schema":{"@context":"https:\/\/schema.org","@graph":[{"@type":"WebPage","@id":"https:\/\/www.champagne-marc-hennequiere.com\/boutique\/cuvee-millesime-2018\/","url":"https:\/\/www.champagne-marc-hennequiere.com\/boutique\/cuvee-millesime-2018\/","name":"Champagne Marc Hennequi\u00e8re - Cuv\u00e9e Mill\u00e9sime 2018","isPartOf":{"@id":"https:\/\/www.champagne-marc-hennequiere.com\/#website"},"primaryImageOfPage":{"@id":"https:\/\/www.champagne-marc-hennequiere.com\/boutique\/cuvee-millesime-2018\/#primaryimage"},"image":{"@id":"https:\/\/www.champagne-marc-hennequiere.com\/boutique\/cuvee-millesime-2018\/#primaryimage"},"thumbnailUrl":"https:\/\/www.champagne-marc-hennequiere.com\/wp-content\/uploads\/2026\/03\/cuvee-millesime-2018.png","datePublished":"2020-08-11T14:10:40+00:00","dateModified":"2026-03-06T13:23:45+00:00","description":"Champagne \u00e9l\u00e9gant et puissant, avec sa robe est jaune aux reflets or. Le nez est complexe et a\u00e9rien avec des notes d\u2019amande fra\u00eeche.","breadcrumb":{"@id":"https:\/\/www.champagne-marc-hennequiere.com\/boutique\/cuvee-millesime-2018\/#breadcrumb"},"inLanguage":"en-US","potentialAction":[{"@type":"ReadAction","target":["https:\/\/www.champagne-marc-hennequiere.com\/boutique\/cuvee-millesime-2018\/"]}]},{"@type":"ImageObject","inLanguage":"en-US","@id":"https:\/\/www.champagne-marc-hennequiere.com\/boutique\/cuvee-millesime-2018\/#primaryimage","url":"https:\/\/www.champagne-marc-hennequiere.com\/wp-content\/uploads\/2026\/03\/cuvee-millesime-2018.png","contentUrl":"https:\/\/www.champagne-marc-hennequiere.com\/wp-content\/uploads\/2026\/03\/cuvee-millesime-2018.png","width":384,"height":849,"caption":"Cuv\u00e9e Mill\u00e9sime 2018"},{"@type":"BreadcrumbList","@id":"https:\/\/www.champagne-marc-hennequiere.com\/boutique\/cuvee-millesime-2018\/#breadcrumb","itemListElement":[{"@type":"ListItem","position":1,"name":"Accueil","item":"https:\/\/www.champagne-marc-hennequiere.com\/"},{"@type":"ListItem","position":2,"name":"Boutique","item":"https:\/\/www.champagne-marc-hennequiere.com\/boutique\/"},{"@type":"ListItem","position":3,"name":"Cuv\u00e9e Mill\u00e9sime 2018"}]},{"@type":"WebSite","@id":"https:\/\/www.champagne-marc-hennequiere.com\/#website","url":"https:\/\/www.champagne-marc-hennequiere.com\/","name":"Champagne Marc Hennequi\u00e8re","description":"R\u00e9coltant Manipulant \u00e0 Avirey-Lingey","publisher":{"@id":"https:\/\/www.champagne-marc-hennequiere.com\/#organization"},"potentialAction":[{"@type":"SearchAction","target":{"@type":"EntryPoint","urlTemplate":"https:\/\/www.champagne-marc-hennequiere.com\/?s={search_term_string}"},"query-input":{"@type":"PropertyValueSpecification","valueRequired":true,"valueName":"search_term_string"}}],"inLanguage":"en-US"},{"@type":"Organization","@id":"https:\/\/www.champagne-marc-hennequiere.com\/#organization","name":"Champagne Marc Hennequi\u00e8re","url":"https:\/\/www.champagne-marc-hennequiere.com\/","logo":{"@type":"ImageObject","inLanguage":"en-US","@id":"https:\/\/www.champagne-marc-hennequiere.com\/#\/schema\/logo\/image\/","url":"https:\/\/www.champagne-marc-hennequiere.com\/wp-content\/uploads\/2020\/03\/champagne-marc-hennequiere-logo-2.svg","contentUrl":"https:\/\/www.champagne-marc-hennequiere.com\/wp-content\/uploads\/2020\/03\/champagne-marc-hennequiere-logo-2.svg","width":294,"height":127,"caption":"Champagne Marc Hennequi\u00e8re"},"image":{"@id":"https:\/\/www.champagne-marc-hennequiere.com\/#\/schema\/logo\/image\/"}}]}},"_links":{"self":[{"href":"https:\/\/www.champagne-marc-hennequiere.com\/en\/wp-json\/wp\/v2\/product\/6580","targetHints":{"allow":["GET"]}}],"collection":[{"href":"https:\/\/www.champagne-marc-hennequiere.com\/en\/wp-json\/wp\/v2\/product"}],"about":[{"href":"https:\/\/www.champagne-marc-hennequiere.com\/en\/wp-json\/wp\/v2\/types\/product"}],"version-history":[{"count":20,"href":"https:\/\/www.champagne-marc-hennequiere.com\/en\/wp-json\/wp\/v2\/product\/6580\/revisions"}],"predecessor-version":[{"id":1541794,"href":"https:\/\/www.champagne-marc-hennequiere.com\/en\/wp-json\/wp\/v2\/product\/6580\/revisions\/1541794"}],"wp:featuredmedia":[{"embeddable":true,"href":"https:\/\/www.champagne-marc-hennequiere.com\/en\/wp-json\/wp\/v2\/media\/1541579"}],"wp:attachment":[{"href":"https:\/\/www.champagne-marc-hennequiere.com\/en\/wp-json\/wp\/v2\/media?parent=6580"}],"wp:term":[{"taxonomy":"product_brand","embeddable":true,"href":"https:\/\/www.champagne-marc-hennequiere.com\/en\/wp-json\/wp\/v2\/product_brand?post=6580"},{"taxonomy":"product_cat","embeddable":true,"href":"https:\/\/www.champagne-marc-hennequiere.com\/en\/wp-json\/wp\/v2\/product_cat?post=6580"},{"taxonomy":"product_tag","embeddable":true,"href":"https:\/\/www.champagne-marc-hennequiere.com\/en\/wp-json\/wp\/v2\/product_tag?post=6580"}],"curies":[{"name":"wp","href":"https:\/\/api.w.org\/{rel}","templated":true}]}}